{"id":4783,"date":"2023-12-12T09:16:30","date_gmt":"2023-12-12T09:16:30","guid":{"rendered":"https:\/\/www.emmi.fi\/dataskyddsbeskrivning\/"},"modified":"2025-10-08T09:51:48","modified_gmt":"2025-10-08T09:51:48","slug":"dataskyddsbeskrivning","status":"publish","type":"page","link":"https:\/\/www.emmi.fi\/sv\/dataskyddsbeskrivning\/","title":{"rendered":"Dataskyddsbeskrivning"},"content":{"rendered":"\t\t<div data-elementor-type=\"wp-page\" data-elementor-id=\"4783\" class=\"elementor elementor-4783 elementor-59\" data-elementor-post-type=\"page\">\n\t\t\t\t<div class=\"elementor-element elementor-element-bdd0888 e-flex e-con-boxed e-con e-parent\" data-id=\"bdd0888\" data-element_type=\"container\" data-settings=\"{&quot;background_background&quot;:&quot;classic&quot;}\">\n\t\t\t\t\t<div class=\"e-con-inner\">\n\t\t\t\t<div class=\"elementor-element elementor-element-1cf3029 elementor-widget elementor-widget-heading\" data-id=\"1cf3029\" data-element_type=\"widget\" data-widget_type=\"heading.default\">\n\t\t\t\t<div class=\"elementor-widget-container\">\n\t\t\t\t\t<h1 class=\"elementor-heading-title elementor-size-default\">Dataskyddsbeskrivning<\/h1>\t\t\t\t<\/div>\n\t\t\t\t<\/div>\n\t\t\t\t\t<\/div>\n\t\t\t\t<\/div>\n\t\t<div class=\"elementor-element elementor-element-3519ce0 e-flex e-con-boxed e-con e-parent\" data-id=\"3519ce0\" data-element_type=\"container\">\n\t\t\t\t\t<div class=\"e-con-inner\">\n\t\t\t\t<div class=\"elementor-element elementor-element-d30799e elementor-widget elementor-widget-text-editor\" data-id=\"d30799e\" data-element_type=\"widget\" data-widget_type=\"text-editor.default\">\n\t\t\t\t<div class=\"elementor-widget-container\">\n\t\t\t\t\t\t\t\t\t<p>Vi har uppdaterat v\u00e5r dataskyddspraxis s\u00e5 att den \u00e4r f\u00f6renlig med EU:s allm\u00e4nna dataskyddsf\u00f6rordning (GPDR) och med lagstiftningen som h\u00e4nf\u00f6r sig till den.<\/p>\n\t\t\t\t\t\t\t\t<\/div>\n\t\t\t\t<\/div>\n\t\t\t\t<div class=\"elementor-element elementor-element-edda6a9 elementor-widget elementor-widget-heading\" data-id=\"edda6a9\" data-element_type=\"widget\" data-widget_type=\"heading.default\">\n\t\t\t\t<div class=\"elementor-widget-container\">\n\t\t\t\t\t<h3 class=\"elementor-heading-title elementor-size-default\">1. Personuppgiftsansvarig<\/h3>\t\t\t\t<\/div>\n\t\t\t\t<\/div>\n\t\t\t\t<div class=\"elementor-element elementor-element-edee537 elementor-widget elementor-widget-text-editor\" data-id=\"edee537\" data-element_type=\"widget\" data-widget_type=\"text-editor.default\">\n\t\t\t\t<div class=\"elementor-widget-container\">\n\t\t\t\t\t\t\t\t\t<p>Grano Oy (nedan \u201dGrano\u201d)<br \/>FO-nummer: 2197935-0<br \/>Kuortanegatan 1<br \/>00520 Helsingfors<br \/>Tfn <a href=\"tel:+358291800400\">029 1800 400<\/a><\/p>\n\t\t\t\t\t\t\t\t<\/div>\n\t\t\t\t<\/div>\n\t\t\t\t<div class=\"elementor-element elementor-element-9df259a elementor-widget elementor-widget-heading\" data-id=\"9df259a\" data-element_type=\"widget\" data-widget_type=\"heading.default\">\n\t\t\t\t<div class=\"elementor-widget-container\">\n\t\t\t\t\t<h3 class=\"elementor-heading-title elementor-size-default\">2. Kontaktperson i register\u00e4renden<\/h3>\t\t\t\t<\/div>\n\t\t\t\t<\/div>\n\t\t\t\t<div class=\"elementor-element elementor-element-9ed14e5 elementor-widget elementor-widget-text-editor\" data-id=\"9ed14e5\" data-element_type=\"widget\" data-widget_type=\"text-editor.default\">\n\t\t\t\t<div class=\"elementor-widget-container\">\n\t\t\t\t\t\t\t\t\t<p>Harri Pekola<br \/><a href=\"mailto:tietosuoja@grano.fi\">tietosuoja@grano.fi<\/a><br \/>Tfn <a href=\"tel:+358291800400\">+358 29 1800 400<\/a><br \/>Kuortanegatan 1<br \/>00520 Helsingfors<\/p>\n\t\t\t\t\t\t\t\t<\/div>\n\t\t\t\t<\/div>\n\t\t\t\t<div class=\"elementor-element elementor-element-a247e78 elementor-widget elementor-widget-heading\" data-id=\"a247e78\" data-element_type=\"widget\" data-widget_type=\"heading.default\">\n\t\t\t\t<div class=\"elementor-widget-container\">\n\t\t\t\t\t<h3 class=\"elementor-heading-title elementor-size-default\">3. Registrets namn<\/h3>\t\t\t\t<\/div>\n\t\t\t\t<\/div>\n\t\t\t\t<div class=\"elementor-element elementor-element-1e6274d elementor-widget elementor-widget-text-editor\" data-id=\"1e6274d\" data-element_type=\"widget\" data-widget_type=\"text-editor.default\">\n\t\t\t\t<div class=\"elementor-widget-container\">\n\t\t\t\t\t\t\t\t\t<p>Granos kundregister<\/p>\n\t\t\t\t\t\t\t\t<\/div>\n\t\t\t\t<\/div>\n\t\t\t\t<div class=\"elementor-element elementor-element-3a3aab5 elementor-widget elementor-widget-heading\" data-id=\"3a3aab5\" data-element_type=\"widget\" data-widget_type=\"heading.default\">\n\t\t\t\t<div class=\"elementor-widget-container\">\n\t\t\t\t\t<h3 class=\"elementor-heading-title elementor-size-default\">4. Grunden f\u00f6r och \u00e4ndam\u00e5let med behandlingen av personuppgifter<\/h3>\t\t\t\t<\/div>\n\t\t\t\t<\/div>\n\t\t\t\t<div class=\"elementor-element elementor-element-187f37c elementor-widget elementor-widget-text-editor\" data-id=\"187f37c\" data-element_type=\"widget\" data-widget_type=\"text-editor.default\">\n\t\t\t\t<div class=\"elementor-widget-container\">\n\t\t\t\t\t\t\t\t\t<p>Behandlingen av personuppgifter bygger p\u00e5 Granos ber\u00e4ttigade intresse, ett avtal eller annat sakligt samband. \u00c4ndam\u00e5let med anv\u00e4ndningen av personuppgifterna \u00e4r att hantera, uppr\u00e4tth\u00e5lla, utveckla och analysera kundrelationen mellan Grano och dess kunder samt att f\u00f6ra statistik \u00f6ver den.<\/p>\n<p>Dessutom kan uppgifterna anv\u00e4ndas till direktmarknadsf\u00f6ring av Grano och dess koncernbolag och samarbetspartner (inklusive prenumeration av nyhetsbrev), riktande av digital marknadsf\u00f6ring, ordnande av marknadsf\u00f6ringst\u00e4vlingar, profilering, distansf\u00f6rs\u00e4ljning samt opinions- och marknadsunders\u00f6kningar. Uppgifterna kan ocks\u00e5 anv\u00e4ndas f\u00f6r att planera och utveckla Granos aff\u00e4rsverksamhet och tj\u00e4nster.<\/p>\n\t\t\t\t\t\t\t\t<\/div>\n\t\t\t\t<\/div>\n\t\t\t\t<div class=\"elementor-element elementor-element-6a31880 elementor-widget elementor-widget-heading\" data-id=\"6a31880\" data-element_type=\"widget\" data-widget_type=\"heading.default\">\n\t\t\t\t<div class=\"elementor-widget-container\">\n\t\t\t\t\t<h3 class=\"elementor-heading-title elementor-size-default\">5. Registrets informationsinneh\u00e5ll<\/h3>\t\t\t\t<\/div>\n\t\t\t\t<\/div>\n\t\t\t\t<div class=\"elementor-element elementor-element-8fb30b2 elementor-widget elementor-widget-text-editor\" data-id=\"8fb30b2\" data-element_type=\"widget\" data-widget_type=\"text-editor.default\">\n\t\t\t\t<div class=\"elementor-widget-container\">\n\t\t\t\t\t\t\t\t\t<p>Registret inneh\u00e5ller f\u00f6ljande personuppgifter om konsumentkunder:<\/p>\n<ul>\n<li>Basuppgifter om kunden: kundnummer, f\u00f6r- och efternamn, postadress, telefonnummer, e-postadress<\/li>\n<li>Kund- och best\u00e4llningshistorik (till exempel uppgifter kring leveransuppf\u00f6ljning, fakturering och indrivning)<\/li>\n<li>Intresse- och profileringsuppgifter (till exempel om de produkter och tj\u00e4nster hos Grano som intresserar kunden), segmentuppgifter och andra motsvarande uppgifter<\/li>\n<li>Kak- och anv\u00e4ndaruppgifter<\/li>\n<li>Kundrespons och kontakter<\/li>\n<li>F\u00f6rbud mot och samtycken till direktmarknadsf\u00f6ring<\/li>\n<\/ul>\n<p>Registret inneh\u00e5ller f\u00f6ljande personuppgifter om beslutsfattare och kontaktpersoner hos f\u00f6retag och sammanslutningar:<\/p>\n<ul>\n<li>Namn, titel, f\u00f6retag, postadress, e-postadress, telefonnummer<\/li>\n<li>Kundhistorik (till exempel kontakter, best\u00e4llningar, respons, uppgifter om fakturering och indrivning)<\/li>\n<li>Intresse- och profileringsuppgifter<\/li>\n<li>Anv\u00e4ndaruppgifter, till exempel uppgifter om anv\u00e4ndningen av tj\u00e4nster, s\u00e5som bl\u00e4ddring och s\u00f6kning, kakor<\/li>\n<li>Kundrespons och kontakter<\/li>\n<li>F\u00f6rbud mot direktmarknadsf\u00f6ring<\/li>\n<li>Eventuella andra uppgifter som \u00e4r n\u00f6dv\u00e4ndiga f\u00f6r registrets anv\u00e4ndnings\u00e4ndam\u00e5l<\/li>\n<\/ul>\n<p>Registret inneh\u00e5ller ocks\u00e5 f\u00f6ljande personuppgifter om Granos leverant\u00f6rer:<\/p>\n<ul>\n<li>Basuppgifter om leverant\u00f6ren: f\u00f6r- och efternamn, postadress, telefonnummer, e-postadress samt identifieringsuppgifter om bolaget.<\/li>\n<li>Uppgifter om kundrelationen, annat sakligt samband och avtalsf\u00f6rh\u00e5llande, s\u00e5som uppgifter om leverant\u00f6rens utbildning, arbetserfarenhet, specialomr\u00e5den, verktyg och uppdragshistoria.<\/li>\n<li>Faktureringsuppgifter som beh\u00f6vs f\u00f6r betalning av arvoden eller kostnader, till exempel bank- och beskattningsuppgifter.<\/li>\n<\/ul>\n\t\t\t\t\t\t\t\t<\/div>\n\t\t\t\t<\/div>\n\t\t\t\t<div class=\"elementor-element elementor-element-e6179fb elementor-widget elementor-widget-heading\" data-id=\"e6179fb\" data-element_type=\"widget\" data-widget_type=\"heading.default\">\n\t\t\t\t<div class=\"elementor-widget-container\">\n\t\t\t\t\t<h3 class=\"elementor-heading-title elementor-size-default\">6. Regelm\u00e4ssiga informationsk\u00e4llor<\/h3>\t\t\t\t<\/div>\n\t\t\t\t<\/div>\n\t\t\t\t<div class=\"elementor-element elementor-element-9c796b5 elementor-widget elementor-widget-text-editor\" data-id=\"9c796b5\" data-element_type=\"widget\" data-widget_type=\"text-editor.default\">\n\t\t\t\t<div class=\"elementor-widget-container\">\n\t\t\t\t\t\t\t\t\t<p>Registeruppgifterna samlas i regel in fr\u00e5n kunden sj\u00e4lv ur uppgifterna som man f\u00e5tt i samband med anv\u00e4ndningen av tj\u00e4nsterna och e-tj\u00e4nsten eller i andra sammanhang samt ur uppgifter som man f\u00e5tt i samband med ing\u00e5ende av avtal och under avtalsperioden. Personuppgifter kan samlas in och uppdateras ocks\u00e5 fr\u00e5n befolkningsregistret, kreditupplysningsregistret och andra motsvarande offentliga och privata register.<\/p>\n\t\t\t\t\t\t\t\t<\/div>\n\t\t\t\t<\/div>\n\t\t\t\t<div class=\"elementor-element elementor-element-e79518a elementor-widget elementor-widget-heading\" data-id=\"e79518a\" data-element_type=\"widget\" data-widget_type=\"heading.default\">\n\t\t\t\t<div class=\"elementor-widget-container\">\n\t\t\t\t\t<h3 class=\"elementor-heading-title elementor-size-default\">7. Regelm\u00e4ssiga utl\u00e4mnanden av uppgifter och \u00f6verf\u00f6ring av uppgifter till l\u00e4nder utanf\u00f6r EU eller EES<\/h3>\t\t\t\t<\/div>\n\t\t\t\t<\/div>\n\t\t\t\t<div class=\"elementor-element elementor-element-f0c41f6 elementor-widget elementor-widget-text-editor\" data-id=\"f0c41f6\" data-element_type=\"widget\" data-widget_type=\"text-editor.default\">\n\t\t\t\t<div class=\"elementor-widget-container\">\n\t\t\t\t\t\t\t\t\t<p>Grano l\u00e4mnar i regel inte ut registeruppgifterna till utomst\u00e5ende akt\u00f6rer. Uppgifter kan dock sporadiskt l\u00e4mnas ut enligt Finlands lag. Grano kan \u00f6verf\u00f6ra personuppgifter om en registrerad till Granos direktmarknadsf\u00f6ringsregister efter att ett sakligt samband upph\u00f6rt.<\/p>\n<p>Grano anv\u00e4nder samarbetspartner utanf\u00f6r Europeiska unionen och Europeiska ekonomiska samarbetsomr\u00e5det f\u00f6r att producera sina tj\u00e4nster. D\u00e4rf\u00f6r \u00f6verf\u00f6rs personuppgifter och anv\u00e4ndaruppgifter som g\u00e4ller anv\u00e4ndning av tj\u00e4nsten delvis till USA. En tillr\u00e4cklig dataskyddsniv\u00e5 vid behandlingen s\u00e4kerst\u00e4lls genom att anv\u00e4nda Europeiska kommissionens standardavtalsklausuler. En kopia av klausulerna finns tillg\u00e4nglig p\u00e5 beg\u00e4ran hos kontaktpersonen som n\u00e4mns i punkt 2.<\/p>\n\t\t\t\t\t\t\t\t<\/div>\n\t\t\t\t<\/div>\n\t\t\t\t<div class=\"elementor-element elementor-element-1516ea8 elementor-widget elementor-widget-heading\" data-id=\"1516ea8\" data-element_type=\"widget\" data-widget_type=\"heading.default\">\n\t\t\t\t<div class=\"elementor-widget-container\">\n\t\t\t\t\t<h3 class=\"elementor-heading-title elementor-size-default\">8. Principerna f\u00f6r skyddet av registret och uppgifternas lagringstid<\/h3>\t\t\t\t<\/div>\n\t\t\t\t<\/div>\n\t\t\t\t<div class=\"elementor-element elementor-element-c03a567 elementor-widget elementor-widget-text-editor\" data-id=\"c03a567\" data-element_type=\"widget\" data-widget_type=\"text-editor.default\">\n\t\t\t\t<div class=\"elementor-widget-container\">\n\t\t\t\t\t\t\t\t\t<p>Endast de anst\u00e4llda som p\u00e5 grund av sitt arbete har r\u00e4tt att behandla kundinformation har r\u00e4tt att anv\u00e4nda systemet med kunduppgifter. Varje anv\u00e4ndare har ett eget anv\u00e4ndarnamn och ett eget l\u00f6senord till systemet. Uppgifterna samlas in i databaser som \u00e4r skyddade med brandv\u00e4ggar, l\u00f6senord och p\u00e5 \u00f6vriga tekniska s\u00e4tt. Databaserna och s\u00e4kerhetskopiorna av dem finns i l\u00e5sta lokaler och endast vissa, p\u00e5 f\u00f6rhand utsedda personer har tillg\u00e5ng till uppgifterna. Personuppgifterna lagras s\u00e5 l\u00e4nge som det \u00e4r n\u00f6dv\u00e4ndigt f\u00f6r personuppgifternas anv\u00e4ndnings\u00e4ndam\u00e5l med beaktande av f\u00f6rvaringstiderna som enligt olika lagar, s\u00e5som konsumentskydds- och bokf\u00f6ringslagen och lagen om f\u00f6rskottsuppb\u00f6rd, ska iakttas.<\/p>\n\t\t\t\t\t\t\t\t<\/div>\n\t\t\t\t<\/div>\n\t\t\t\t<div class=\"elementor-element elementor-element-80e60af elementor-widget elementor-widget-heading\" data-id=\"80e60af\" data-element_type=\"widget\" data-widget_type=\"heading.default\">\n\t\t\t\t<div class=\"elementor-widget-container\">\n\t\t\t\t\t<h3 class=\"elementor-heading-title elementor-size-default\">9. R\u00e4tt till insyn och r\u00e4tt att kr\u00e4va r\u00e4ttelse av en uppgift<\/h3>\t\t\t\t<\/div>\n\t\t\t\t<\/div>\n\t\t\t\t<div class=\"elementor-element elementor-element-6f66780 elementor-widget elementor-widget-text-editor\" data-id=\"6f66780\" data-element_type=\"widget\" data-widget_type=\"text-editor.default\">\n\t\t\t\t<div class=\"elementor-widget-container\">\n\t\t\t\t\t\t\t\t\t<p>De registrerade har r\u00e4tt att kontrollera de uppgifter i personregistret som r\u00f6r dem och r\u00e4tt att kr\u00e4va r\u00e4ttelse eller radering av uppgifter. Beg\u00e4ran om insyn eller r\u00e4ttelse ska framf\u00f6ras personligen eller l\u00e4mnas in i skriftlig form till kontaktpersonen som n\u00e4mns under punkt 2.<\/p>\n\t\t\t\t\t\t\t\t<\/div>\n\t\t\t\t<\/div>\n\t\t\t\t<div class=\"elementor-element elementor-element-4107502 elementor-widget elementor-widget-heading\" data-id=\"4107502\" data-element_type=\"widget\" data-widget_type=\"heading.default\">\n\t\t\t\t<div class=\"elementor-widget-container\">\n\t\t\t\t\t<h3 class=\"elementor-heading-title elementor-size-default\">10. \u00d6vriga r\u00e4ttigheter avseende behandling av personuppgifter<\/h3>\t\t\t\t<\/div>\n\t\t\t\t<\/div>\n\t\t\t\t<div class=\"elementor-element elementor-element-5601c2f elementor-widget elementor-widget-text-editor\" data-id=\"5601c2f\" data-element_type=\"widget\" data-widget_type=\"text-editor.default\">\n\t\t\t\t<div class=\"elementor-widget-container\">\n\t\t\t\t\t\t\t\t\t<p>De registrerade har r\u00e4tt att f\u00f6rbjuda den personuppgiftsansvarige att behandla uppgifterna som r\u00f6r dem f\u00f6r direktmarknadsf\u00f6ring eller marknads- och opinionsunders\u00f6kningar. Man kan ge ett s\u00e5dant f\u00f6rbud n\u00e4r som helst till kontaktpersonen som n\u00e4mns i punkt 2.<\/p>\n<p>Enligt dataskyddsf\u00f6rordningen (fr\u00e5n 25.5.2018) har de registrerade r\u00e4tt att inv\u00e4nda mot eller beg\u00e4ra begr\u00e4nsning av behandlingen av sina uppgifter samt inge klagom\u00e5l om behandlingen av personuppgifterna till en tillsynsmyndighet.<\/p>\n\t\t\t\t\t\t\t\t<\/div>\n\t\t\t\t<\/div>\n\t\t\t\t\t<\/div>\n\t\t\t\t<\/div>\n\t\t<div class=\"elementor-element elementor-element-163ea941 e-flex e-con-boxed e-con e-parent\" data-id=\"163ea941\" data-element_type=\"container\" data-settings=\"{&quot;background_background&quot;:&quot;classic&quot;}\">\n\t\t\t\t\t<div class=\"e-con-inner\">\n\t\t<div class=\"elementor-element elementor-element-35cfa771 e-con-full e-flex e-con e-child\" data-id=\"35cfa771\" data-element_type=\"container\">\n\t\t\t\t<div class=\"elementor-element elementor-element-35652e1e elementor-widget elementor-widget-heading\" data-id=\"35652e1e\" data-element_type=\"widget\" data-widget_type=\"heading.default\">\n\t\t\t\t<div class=\"elementor-widget-container\">\n\t\t\t\t\t<h2 class=\"elementor-heading-title elementor-size-default\">Har du fr\u00e5gor?<\/h2>\t\t\t\t<\/div>\n\t\t\t\t<\/div>\n\t\t\t\t<div class=\"elementor-element elementor-element-7b2e2fc6 elementor-widget elementor-widget-text-editor\" data-id=\"7b2e2fc6\" data-element_type=\"widget\" data-widget_type=\"text-editor.default\">\n\t\t\t\t<div class=\"elementor-widget-container\">\n\t\t\t\t\t\t\t\t\t<p>V\u00e5r kundtj\u00e4nst svarar g\u00e4rna p\u00e5 alla fr\u00e5gor och hj\u00e4lper ditt f\u00f6retag med att b\u00f6rja anv\u00e4nda tj\u00e4nsten.<\/p>\n\t\t\t\t\t\t\t\t<\/div>\n\t\t\t\t<\/div>\n\t\t\t\t<\/div>\n\t\t<div class=\"elementor-element elementor-element-5654aca9 e-con-full e-flex e-con e-child\" data-id=\"5654aca9\" data-element_type=\"container\">\n\t\t\t\t<div class=\"elementor-element elementor-element-515f0cea elementor-widget__width-initial elementor-widget-tablet_extra__width-initial elementor-widget elementor-widget-button\" data-id=\"515f0cea\" data-element_type=\"widget\" data-widget_type=\"button.default\">\n\t\t\t\t<div class=\"elementor-widget-container\">\n\t\t\t\t\t\t\t\t\t<div class=\"elementor-button-wrapper\">\n\t\t\t\t\t<a class=\"elementor-button elementor-button-link elementor-size-sm elementor-animation-grow\" href=\"https:\/\/www.emmi.fi\/sv\/kontakta-oss\/\">\n\t\t\t\t\t\t<span class=\"elementor-button-content-wrapper\">\n\t\t\t\t\t\t\t\t\t<span class=\"elementor-button-text\">L\u00e4mna en kontaktbeg\u00e4ran<\/span>\n\t\t\t\t\t<\/span>\n\t\t\t\t\t<\/a>\n\t\t\t\t<\/div>\n\t\t\t\t\t\t\t\t<\/div>\n\t\t\t\t<\/div>\n\t\t\t\t<div class=\"elementor-element elementor-element-57aeabe9 elementor-widget__width-initial elementor-widget elementor-widget-button\" data-id=\"57aeabe9\" data-element_type=\"widget\" data-widget_type=\"button.default\">\n\t\t\t\t<div class=\"elementor-widget-container\">\n\t\t\t\t\t\t\t\t\t<div class=\"elementor-button-wrapper\">\n\t\t\t\t\t<a class=\"elementor-button elementor-button-link elementor-size-sm elementor-animation-grow\" href=\"https:\/\/www.emmi.fi\/sv\/prislista\/#demotunnukset\">\n\t\t\t\t\t\t<span class=\"elementor-button-content-wrapper\">\n\t\t\t\t\t\t\t\t\t<span class=\"elementor-button-text\">Testa nu!<\/span>\n\t\t\t\t\t<\/span>\n\t\t\t\t\t<\/a>\n\t\t\t\t<\/div>\n\t\t\t\t\t\t\t\t<\/div>\n\t\t\t\t<\/div>\n\t\t\t\t<\/div>\n\t\t\t\t\t<\/div>\n\t\t\t\t<\/div>\n\t\t\t\t<\/div>\n\t\t","protected":false},"excerpt":{"rendered":"<p>Dataskyddsbeskrivning Vi har uppdaterat v\u00e5r dataskyddspraxis s\u00e5 att den \u00e4r f\u00f6renlig med EU:s allm\u00e4nna dataskyddsf\u00f6rordning (GPDR) och med lagstiftningen som h\u00e4nf\u00f6r sig till den. 1. Personuppgiftsansvarig Grano Oy (nedan \u201dGrano\u201d)FO-nummer: 2197935-0Kuortanegatan 100520 HelsingforsTfn 029 1800 400 2. Kontaktperson i register\u00e4renden Harri Pekolatietosuoja@grano.fiTfn +358 29 1800 400Kuortanegatan 100520 Helsingfors 3. Registrets namn Granos kundregister 4. Grunden &#8230; <a title=\"Dataskyddsbeskrivning\" class=\"read-more\" href=\"https:\/\/www.emmi.fi\/sv\/dataskyddsbeskrivning\/\" aria-label=\"L\u00e4s mer om Dataskyddsbeskrivning\">L\u00e4s mer<\/a><\/p>\n","protected":false},"author":1,"featured_media":0,"parent":0,"menu_order":0,"comment_status":"closed","ping_status":"closed","template":"","meta":{"footnotes":""},"class_list":["post-4783","page","type-page","status-publish"],"_links":{"self":[{"href":"https:\/\/www.emmi.fi\/sv\/wp-json\/wp\/v2\/pages\/4783","targetHints":{"allow":["GET"]}}],"collection":[{"href":"https:\/\/www.emmi.fi\/sv\/wp-json\/wp\/v2\/pages"}],"about":[{"href":"https:\/\/www.emmi.fi\/sv\/wp-json\/wp\/v2\/types\/page"}],"author":[{"embeddable":true,"href":"https:\/\/www.emmi.fi\/sv\/wp-json\/wp\/v2\/users\/1"}],"replies":[{"embeddable":true,"href":"https:\/\/www.emmi.fi\/sv\/wp-json\/wp\/v2\/comments?post=4783"}],"version-history":[{"count":3,"href":"https:\/\/www.emmi.fi\/sv\/wp-json\/wp\/v2\/pages\/4783\/revisions"}],"predecessor-version":[{"id":4786,"href":"https:\/\/www.emmi.fi\/sv\/wp-json\/wp\/v2\/pages\/4783\/revisions\/4786"}],"wp:attachment":[{"href":"https:\/\/www.emmi.fi\/sv\/wp-json\/wp\/v2\/media?parent=4783"}],"curies":[{"name":"wp","href":"https:\/\/api.w.org\/{rel}","templated":true}]}}